{"id":1726,"date":"2021-08-04T06:22:34","date_gmt":"2021-08-04T06:22:34","guid":{"rendered":"http:\/\/www.nature-en-liberte.ch\/?page_id=1726"},"modified":"2022-02-16T18:10:06","modified_gmt":"2022-02-16T18:10:06","slug":"voyage-a-travers-les-millenaires","status":"publish","type":"page","link":"https:\/\/www.nature-en-liberte.ch\/index.php\/recits\/voyage-a-travers-les-millenaires\/","title":{"rendered":"Voyage \u00e0 travers les mill\u00e9naires"},"content":{"rendered":"<p><div class=\"fusion-fullwidth fullwidth-box fusion-builder-row-1 fusion-flex-container nonhundred-percent-fullwidth non-hundred-percent-height-scrolling\" style=\"--awb-border-radius-top-left:0px;--awb-border-radius-top-right:0px;--awb-border-radius-bottom-right:0px;--awb-border-radius-bottom-left:0px;--awb-padding-bottom:0%;--awb-margin-bottom:0px;--awb-flex-wrap:wrap;\" ><div class=\"fusion-builder-row fusion-row fusion-flex-align-items-center fusion-flex-justify-content-center fusion-flex-content-wrap\" style=\"max-width:2236px;margin-left: calc(-4% \/ 2 );margin-right: calc(-4% \/ 2 );\"><div class=\"fusion-layout-column fusion_builder_column fusion-builder-column-0 fusion_builder_column_1_1 1_1 fusion-flex-column fusion-flex-align-self-flex-start\" style=\"--awb-bg-size:cover;--awb-width-large:100%;--awb-margin-top-large:0px;--awb-spacing-right-large:1.92%;--awb-spacing-left-large:1.92%;--awb-width-medium:100%;--awb-order-medium:0;--awb-spacing-right-medium:1.92%;--awb-spacing-left-medium:1.92%;--awb-width-small:100%;--awb-order-small:0;--awb-spacing-right-small:1.92%;--awb-spacing-left-small:1.92%;\"><div class=\"fusion-column-wrapper fusion-column-has-shadow fusion-flex-justify-content-flex-start fusion-content-layout-column\"><div class=\"fusion-image-element\" style=\"text-align:center;--awb-caption-title-font-family:var(--h2_typography-font-family);--awb-caption-title-font-weight:var(--h2_typography-font-weight);--awb-caption-title-font-style:var(--h2_typography-font-style);--awb-caption-title-size:var(--h2_typography-font-size);--awb-caption-title-transform:var(--h2_typography-text-transform);--awb-caption-title-line-height:var(--h2_typography-line-height);--awb-caption-title-letter-spacing:var(--h2_typography-letter-spacing);\"><span class=\" fusion-imageframe imageframe-none imageframe-1 hover-type-none\"><img decoding=\"async\" width=\"2000\" height=\"543\" title=\"rennes-z\" src=\"https:\/\/www.nature-en-liberte.ch\/wp-content\/uploads\/2021\/11\/rennes-z.jpg\" data-orig-src=\"https:\/\/www.nature-en-liberte.ch\/wp-content\/uploads\/2021\/11\/rennes-z.jpg\" alt class=\"lazyload img-responsive wp-image-2430\" srcset=\"data:image\/svg+xml,%3Csvg%20xmlns%3D%27http%3A%2F%2Fwww.w3.org%2F2000%2Fsvg%27%20width%3D%272000%27%20height%3D%27543%27%20viewBox%3D%270%200%202000%20543%27%3E%3Crect%20width%3D%272000%27%20height%3D%27543%27%20fill-opacity%3D%220%22%2F%3E%3C%2Fsvg%3E\" data-srcset=\"https:\/\/www.nature-en-liberte.ch\/wp-content\/uploads\/2021\/11\/rennes-z-200x54.jpg 200w, https:\/\/www.nature-en-liberte.ch\/wp-content\/uploads\/2021\/11\/rennes-z-400x109.jpg 400w, https:\/\/www.nature-en-liberte.ch\/wp-content\/uploads\/2021\/11\/rennes-z-600x163.jpg 600w, https:\/\/www.nature-en-liberte.ch\/wp-content\/uploads\/2021\/11\/rennes-z-800x217.jpg 800w, https:\/\/www.nature-en-liberte.ch\/wp-content\/uploads\/2021\/11\/rennes-z-1200x326.jpg 1200w, https:\/\/www.nature-en-liberte.ch\/wp-content\/uploads\/2021\/11\/rennes-z.jpg 2000w\" data-sizes=\"auto\" data-orig-sizes=\"(max-width: 900px) 100vw, (max-width: 640px) 100vw, 2000px\" \/><\/span><\/div><\/div><\/div><\/div><\/div><div class=\"fusion-fullwidth fullwidth-box fusion-builder-row-2 fusion-flex-container nonhundred-percent-fullwidth non-hundred-percent-height-scrolling\" style=\"--awb-border-radius-top-left:0px;--awb-border-radius-top-right:0px;--awb-border-radius-bottom-right:0px;--awb-border-radius-bottom-left:0px;--awb-margin-top:40px;--awb-margin-bottom:60px;--awb-flex-wrap:wrap;\" ><div class=\"fusion-builder-row fusion-row fusion-flex-align-items-center fusion-flex-justify-content-center fusion-flex-content-wrap\" style=\"max-width:2236px;margin-left: calc(-4% \/ 2 );margin-right: calc(-4% \/ 2 );\"><div class=\"fusion-layout-column fusion_builder_column fusion-builder-column-1 fusion_builder_column_1_4 1_4 fusion-flex-column fusion-flex-align-self-center\" style=\"--awb-bg-size:cover;--awb-width-large:25%;--awb-margin-top-large:0px;--awb-spacing-right-large:0%;--awb-margin-bottom-large:50px;--awb-spacing-left-large:7.68%;--awb-width-medium:100%;--awb-order-medium:0;--awb-spacing-right-medium:1.92%;--awb-spacing-left-medium:1.92%;--awb-width-small:100%;--awb-order-small:0;--awb-spacing-right-small:1.92%;--awb-spacing-left-small:1.92%;\"><div class=\"fusion-column-wrapper fusion-column-has-shadow fusion-flex-justify-content-center fusion-content-layout-column\"><div class=\"fusion-text fusion-text-1\" style=\"--awb-text-transform:none;\"><h5 class=\"fusion-responsive-typography-calculated\" style=\"--fontsize: 18; line-height: 1.68; text-align: center;\" data-fontsize=\"18\" data-lineheight=\"30.24px\"><span style=\"color: #440ed6; font-family: var(--body_typography-font-family); font-size: 20px; font-style: var(--body_typography-font-style,normal); letter-spacing: var(--body_typography-letter-spacing); line-height: 18px;\" data-fusion-font=\"true\"><span style=\"font-size: 24px; color: #440ed6;\" data-fusion-font=\"true\">Auteur : Violette D. B. &#8211; \u00e9crit en 1995<\/span><\/span><\/h5>\n<\/div><\/div><\/div><div class=\"fusion-layout-column fusion_builder_column fusion-builder-column-2 fusion_builder_column_1_3 1_3 fusion-flex-column fusion-flex-align-self-center\" style=\"--awb-bg-size:cover;--awb-width-large:33.333333333333%;--awb-margin-top-large:0px;--awb-spacing-right-large:5.76%;--awb-margin-bottom-large:50px;--awb-spacing-left-large:120px;--awb-width-medium:100%;--awb-order-medium:0;--awb-spacing-right-medium:1.92%;--awb-spacing-left-medium:1.92%;--awb-width-small:100%;--awb-order-small:0;--awb-spacing-right-small:1.92%;--awb-spacing-left-small:1.92%;\"><div class=\"fusion-column-wrapper fusion-column-has-shadow fusion-flex-justify-content-center fusion-content-layout-column\"><div class=\"fusion-text fusion-text-2\" style=\"--awb-text-transform:none;\"><h5 class=\"fusion-responsive-typography-calculated\" style=\"--fontsize: 18; line-height: 1.68; text-align: center;\" data-fontsize=\"18\" data-lineheight=\"30.24px\"><span style=\"color: #440ed6; font-family: var(--body_typography-font-family); font-size: 20px; font-style: var(--body_typography-font-style,normal); letter-spacing: var(--body_typography-letter-spacing); line-height: 18px;\" data-fusion-font=\"true\"><span style=\"font-size: 24px; color: #440ed6;\" data-fusion-font=\"true\">Le Mont Sal\u00e8ve &#8211; Haute-Savoie, France<\/span><\/span><\/h5>\n<\/div><\/div><\/div><div class=\"fusion-layout-column fusion_builder_column fusion-builder-column-3 fusion_builder_column_1_3 1_3 fusion-flex-column fusion-flex-align-self-center\" style=\"--awb-bg-size:cover;--awb-width-large:33.333333333333%;--awb-margin-top-large:0px;--awb-spacing-right-large:30px;--awb-margin-bottom-large:50px;--awb-spacing-left-large:90px;--awb-width-medium:100%;--awb-order-medium:0;--awb-spacing-right-medium:1.92%;--awb-spacing-left-medium:1.92%;--awb-width-small:100%;--awb-order-small:0;--awb-spacing-right-small:1.92%;--awb-spacing-left-small:1.92%;\"><div class=\"fusion-column-wrapper fusion-column-has-shadow fusion-flex-justify-content-center fusion-content-layout-column\"><div class=\"fusion-text fusion-text-3\" style=\"--awb-text-transform:none;\"><h5 class=\"fusion-responsive-typography-calculated\" style=\"--fontsize: 18; line-height: 1.68; text-align: center;\" data-fontsize=\"18\" data-lineheight=\"30.24px\"><span style=\"color: #440ed6;\"><span style=\"font-size: 24px;\">Photographe : J. Binggeli &#8211; Diapositives<\/span><\/span><\/h5>\n<\/div><\/div><\/div><\/div><\/div><div class=\"fusion-fullwidth fullwidth-box fusion-builder-row-3 fusion-flex-container nonhundred-percent-fullwidth non-hundred-percent-height-scrolling\" style=\"--awb-border-radius-top-left:0px;--awb-border-radius-top-right:0px;--awb-border-radius-bottom-right:0px;--awb-border-radius-bottom-left:0px;--awb-margin-top:60px;--awb-flex-wrap:wrap;\" ><div class=\"fusion-builder-row fusion-row fusion-flex-align-items-flex-start fusion-flex-content-wrap\" style=\"max-width:2236px;margin-left: calc(-4% \/ 2 );margin-right: calc(-4% \/ 2 );\"><div class=\"fusion-layout-column fusion_builder_column fusion-builder-column-4 fusion_builder_column_1_2 1_2 fusion-flex-column\" style=\"--awb-padding-left:60px;--awb-bg-size:cover;--awb-width-large:50%;--awb-margin-top-large:0px;--awb-spacing-right-large:3.84%;--awb-spacing-left-large:3.84%;--awb-width-medium:100%;--awb-order-medium:0;--awb-spacing-right-medium:1.92%;--awb-spacing-left-medium:1.92%;--awb-width-small:100%;--awb-order-small:0;--awb-spacing-right-small:1.92%;--awb-spacing-left-small:1.92%;\"><div class=\"fusion-column-wrapper fusion-column-has-shadow fusion-flex-justify-content-flex-start fusion-content-layout-column\"><div class=\"fusion-text fusion-text-4\"><p style=\"text-align: justify;\">Avec ses strates parall\u00e8les, ses falaises et ses vires coup\u00e9es de failles, de pans bois\u00e9s et d\u2019\u00e9perons rocheux, scind\u00e9 en parties in\u00e9gales par les failles de Monnetier et de la Croisette, le mont Sal\u00e8ve traverse le bassin genevois du nord-est au sud-ouest. Entour\u00e9 par la mer, l\u2019eau douce ou les glaciers, il \u00e9tait d\u00e9j\u00e0 une \u00eele \u00e0 la fin du Jurassique. Les \u00e9tudes g\u00e9ologiques attestent qu\u2019aucun d\u00e9p\u00f4t alluvionnaire ne se trouve dans sa structure. De nos jours encore c\u2019est une \u00eele, un atoll de calcaire qui \u00e9merge de la plaine de molasse. De ce promontoire rocheux, un extraordinaire panorama s\u2019ouvre \u00e0 180\u00b0.<\/p>\n<\/div><div class=\"fusion-text fusion-text-5\"><p style=\"text-align: justify;\">A l\u2019est, la cha\u00eene des Alpes, \u00e9tincelante du soleil r\u00e9verb\u00e9r\u00e9 par les neiges \u00e9ternelles, darde ses pics altiers dans le ciel bleu. En face, le Jura s\u2019\u00e9tirent vers le nord en ondulations typiques du secondaire, tandis qu\u2019au sud, le Vuache, les monts de Sion et de Mus\u00e8ges ferment le bassin. Au nord, vision paisible et harmonieuse, les scintillements du L\u00e9man couvert de ses flottilles de voiliers, rehausse les beaut\u00e9s de la Gen\u00e8ve internationale. Le Mont Sal\u00e8ve est une \u00e9trange montagne. Il est de ces lieux qui incitent et m\u00eame favorisent un retour dans les mill\u00e9naires.<\/p>\n<\/div><\/div><\/div><div class=\"fusion-layout-column fusion_builder_column fusion-builder-column-5 fusion_builder_column_1_2 1_2 fusion-flex-column\" style=\"--awb-bg-size:cover;--awb-width-large:50%;--awb-margin-top-large:20px;--awb-spacing-right-large:3.84%;--awb-spacing-left-large:3.84%;--awb-width-medium:100%;--awb-order-medium:0;--awb-spacing-right-medium:1.92%;--awb-spacing-left-medium:1.92%;--awb-width-small:100%;--awb-order-small:0;--awb-spacing-right-small:1.92%;--awb-spacing-left-small:1.92%;\"><div class=\"fusion-column-wrapper fusion-column-has-shadow fusion-flex-justify-content-flex-start fusion-content-layout-column\"><div class=\"fusion-image-element\" style=\"text-align:center;--awb-caption-title-font-family:var(--h2_typography-font-family);--awb-caption-title-font-weight:var(--h2_typography-font-weight);--awb-caption-title-font-style:var(--h2_typography-font-style);--awb-caption-title-size:var(--h2_typography-font-size);--awb-caption-title-transform:var(--h2_typography-text-transform);--awb-caption-title-line-height:var(--h2_typography-line-height);--awb-caption-title-letter-spacing:var(--h2_typography-letter-spacing);\"><span class=\" fusion-imageframe imageframe-none imageframe-2 hover-type-none\"><img decoding=\"async\" width=\"800\" height=\"524\" title=\"loups2zb\" src=\"https:\/\/www.nature-en-liberte.ch\/wp-content\/uploads\/2022\/01\/loups2zb.jpg\" data-orig-src=\"https:\/\/www.nature-en-liberte.ch\/wp-content\/uploads\/2022\/01\/loups2zb.jpg\" alt class=\"lazyload img-responsive wp-image-2935\" srcset=\"data:image\/svg+xml,%3Csvg%20xmlns%3D%27http%3A%2F%2Fwww.w3.org%2F2000%2Fsvg%27%20width%3D%27800%27%20height%3D%27524%27%20viewBox%3D%270%200%20800%20524%27%3E%3Crect%20width%3D%27800%27%20height%3D%27524%27%20fill-opacity%3D%220%22%2F%3E%3C%2Fsvg%3E\" data-srcset=\"https:\/\/www.nature-en-liberte.ch\/wp-content\/uploads\/2022\/01\/loups2zb-200x131.jpg 200w, https:\/\/www.nature-en-liberte.ch\/wp-content\/uploads\/2022\/01\/loups2zb-400x262.jpg 400w, https:\/\/www.nature-en-liberte.ch\/wp-content\/uploads\/2022\/01\/loups2zb-600x393.jpg 600w, https:\/\/www.nature-en-liberte.ch\/wp-content\/uploads\/2022\/01\/loups2zb.jpg 800w\" data-sizes=\"auto\" data-orig-sizes=\"(max-width: 900px) 100vw, (max-width: 640px) 100vw, 800px\" \/><\/span><\/div><\/div><\/div><\/div><\/div><div class=\"fusion-fullwidth fullwidth-box fusion-builder-row-4 fusion-flex-container nonhundred-percent-fullwidth non-hundred-percent-height-scrolling\" style=\"--awb-border-radius-top-left:0px;--awb-border-radius-top-right:0px;--awb-border-radius-bottom-right:0px;--awb-border-radius-bottom-left:0px;--awb-margin-bottom:0px;--awb-flex-wrap:wrap;\" ><div class=\"fusion-builder-row fusion-row fusion-flex-align-items-flex-start fusion-flex-content-wrap\" style=\"max-width:2236px;margin-left: calc(-4% \/ 2 );margin-right: calc(-4% \/ 2 );\"><div class=\"fusion-layout-column fusion_builder_column fusion-builder-column-6 fusion_builder_column_1_2 1_2 fusion-flex-column fusion-flex-align-self-flex-start\" style=\"--awb-padding-left:60px;--awb-bg-size:cover;--awb-width-large:50%;--awb-margin-top-large:0px;--awb-spacing-right-large:3.84%;--awb-margin-bottom-large:0px;--awb-spacing-left-large:3.84%;--awb-width-medium:100%;--awb-order-medium:0;--awb-spacing-right-medium:1.92%;--awb-spacing-left-medium:1.92%;--awb-width-small:100%;--awb-order-small:0;--awb-spacing-right-small:1.92%;--awb-spacing-left-small:1.92%;\"><div class=\"fusion-column-wrapper fusion-column-has-shadow fusion-flex-justify-content-flex-start fusion-content-layout-block\"><div class=\"fusion-text fusion-text-6\" style=\"--awb-margin-top:50px;\"><p style=\"text-align: justify;\">Assis sur un \u00e9peron rocheux, au-dessus du brouillard qui recouvre la plaine, imaginez-vous chasseur \u00e0 l\u2019\u00e8re glaciaire&#8230; Fatigu\u00e9 apr\u00e8s un jour de traque \u00e0 la poursuite du gibier, ayant recherch\u00e9 des traces, puis longtemps suivi une famille de rhinoc\u00e9ros laineux, vous vous reposez enfin. Un feu de bois protecteur cr\u00e9pite \u00e0 c\u00f4t\u00e9 de vous, le li\u00e8vre tu\u00e9 t\u00f4t ce matin est d\u00e9licieux. Votre regard embrasse l\u2019immensit\u00e9 glaciaire dans le soir rosissant&#8230;<\/p>\n<\/div><div class=\"fusion-text fusion-text-7\"><p style=\"text-align: justify;\"><span style=\"color: var(--body_typography-color); font-family: var(--body_typography-font-family); font-size: var(--body_typography-font-size); font-style: var(--body_typography-font-style,normal); font-weight: var(--body_typography-font-weight); letter-spacing: var(--body_typography-letter-spacing);\">En remontant encore dans le temps, vous pourriez \u00eatre le m\u00eame chasseur dans des environnements tout \u00e0 fait diff\u00e9rents. Emergeant \u00e0 peine, le Mont Sal\u00e8ve \u00e9tait couvert de palmiers et de foug\u00e8res arborescentes. Il y faisait chaud et humide, les \u00e9l\u00e9phants antiques, petits avec des d\u00e9fenses toutes droites, les lions des cavernes, et les tigres \u00e0 dents de sabre* parcouraient la plaine. Le bord de mer n\u2019\u00e9tait qu\u2019\u00e0 une centaine de kilom\u00e8tres.<\/span><\/p>\n<\/div><div class=\"fusion-text fusion-text-8\"><p style=\"text-align: justify;\">Plus proche de notre \u00e8re, les Magdal\u00e9niens dont les fouilles de Veyrier nous donnent quelques indications sur leur mode de vie, occupaient des grottes au pied du Sal\u00e8ve. A l\u2019\u00e9poque des grandes chasses aux rennes et \u00e0 l\u2019aurochs, elles leur fournissaient un refuge s\u00fbr contre les redoutables b\u00eates sauvages.<\/p>\n<\/div><div class=\"fusion-text fusion-text-9\"><p style=\"text-align: justify;\">Les lacustres non plus n\u2019ont pas n\u00e9glig\u00e9 le Sal\u00e8ve. Sa v\u00e9g\u00e9tation foresti\u00e8re et son gibier les changeaient agr\u00e9ablement de leur ordinaire piscicole. Bien que dangereux et craint \u00e0 cause des grands pr\u00e9dateurs qui s\u2019y r\u00e9fugiaient, il \u00e9tait un abri tr\u00e8s pris\u00e9 en p\u00e9riode d\u2019inondation et lors des hivers particuli\u00e8rement rigoureux.<\/p>\n<\/div><\/div><\/div><div class=\"fusion-layout-column fusion_builder_column fusion-builder-column-7 fusion_builder_column_1_2 1_2 fusion-flex-column fusion-flex-align-self-center\" style=\"--awb-bg-size:cover;--awb-width-large:50%;--awb-margin-top-large:50px;--awb-spacing-right-large:3.84%;--awb-spacing-left-large:3.84%;--awb-width-medium:100%;--awb-order-medium:0;--awb-spacing-right-medium:1.92%;--awb-spacing-left-medium:1.92%;--awb-width-small:100%;--awb-order-small:0;--awb-spacing-right-small:1.92%;--awb-spacing-left-small:1.92%;\"><div class=\"fusion-column-wrapper fusion-column-has-shadow fusion-flex-justify-content-flex-start fusion-content-layout-column\"><div class=\"fusion-image-element\" style=\"text-align:center;--awb-caption-title-font-family:var(--h2_typography-font-family);--awb-caption-title-font-weight:var(--h2_typography-font-weight);--awb-caption-title-font-style:var(--h2_typography-font-style);--awb-caption-title-size:var(--h2_typography-font-size);--awb-caption-title-transform:var(--h2_typography-text-transform);--awb-caption-title-line-height:var(--h2_typography-line-height);--awb-caption-title-letter-spacing:var(--h2_typography-letter-spacing);\"><span class=\" fusion-imageframe imageframe-none imageframe-3 hover-type-none\"><img decoding=\"async\" width=\"800\" height=\"578\" title=\"merbrouz\" src=\"https:\/\/www.nature-en-liberte.ch\/wp-content\/uploads\/2022\/01\/merbrouz.jpg\" data-orig-src=\"https:\/\/www.nature-en-liberte.ch\/wp-content\/uploads\/2022\/01\/merbrouz.jpg\" alt class=\"lazyload img-responsive wp-image-2938\" srcset=\"data:image\/svg+xml,%3Csvg%20xmlns%3D%27http%3A%2F%2Fwww.w3.org%2F2000%2Fsvg%27%20width%3D%27800%27%20height%3D%27578%27%20viewBox%3D%270%200%20800%20578%27%3E%3Crect%20width%3D%27800%27%20height%3D%27578%27%20fill-opacity%3D%220%22%2F%3E%3C%2Fsvg%3E\" data-srcset=\"https:\/\/www.nature-en-liberte.ch\/wp-content\/uploads\/2022\/01\/merbrouz-200x145.jpg 200w, https:\/\/www.nature-en-liberte.ch\/wp-content\/uploads\/2022\/01\/merbrouz-400x289.jpg 400w, https:\/\/www.nature-en-liberte.ch\/wp-content\/uploads\/2022\/01\/merbrouz-600x434.jpg 600w, https:\/\/www.nature-en-liberte.ch\/wp-content\/uploads\/2022\/01\/merbrouz.jpg 800w\" data-sizes=\"auto\" data-orig-sizes=\"(max-width: 900px) 100vw, (max-width: 640px) 100vw, 800px\" \/><\/span><\/div><\/div><\/div><\/div><\/div><div class=\"fusion-fullwidth fullwidth-box fusion-builder-row-5 fusion-flex-container nonhundred-percent-fullwidth non-hundred-percent-height-scrolling\" style=\"--awb-border-radius-top-left:0px;--awb-border-radius-top-right:0px;--awb-border-radius-bottom-right:0px;--awb-border-radius-bottom-left:0px;--awb-margin-top:20px;--awb-flex-wrap:wrap;\" ><div class=\"fusion-builder-row fusion-row fusion-flex-align-items-flex-start fusion-flex-content-wrap\" style=\"max-width:2236px;margin-left: calc(-4% \/ 2 );margin-right: calc(-4% \/ 2 );\"><div class=\"fusion-layout-column fusion_builder_column fusion-builder-column-8 fusion_builder_column_1_2 1_2 fusion-flex-column fusion-flex-align-self-flex-start\" style=\"--awb-padding-left:60px;--awb-bg-size:cover;--awb-width-large:50%;--awb-margin-top-large:30px;--awb-spacing-right-large:3.84%;--awb-spacing-left-large:3.84%;--awb-width-medium:100%;--awb-order-medium:0;--awb-spacing-right-medium:1.92%;--awb-spacing-left-medium:1.92%;--awb-width-small:100%;--awb-order-small:0;--awb-spacing-right-small:1.92%;--awb-spacing-left-small:1.92%;\"><div class=\"fusion-column-wrapper fusion-column-has-shadow fusion-flex-justify-content-flex-start fusion-content-layout-column\"><div class=\"fusion-text fusion-text-10\"><p style=\"text-align: justify;\">Au si\u00e8cle pass\u00e9 les loups comme les ours y trouvaient encore des tani\u00e8res de choix, non loin des villes. En comp\u00e9tition avec les hommes, pour ces aires d\u2019habitations, la gent animale perdit la bataille. Le dernier loup fut tu\u00e9 en 1830, le dernier ours en 1822.<\/p>\n<\/div><div class=\"fusion-text fusion-text-11\"><p style=\"text-align: justify;\">Situ\u00e9 si pr\u00e8s de la grande Gen\u00e8ve scientifique, le Mont Sal\u00e8ve fut naturellement le sujet de nombreuses \u00e9tudes. Depuis le 18\u00e8me si\u00e8cle, pal\u00e9ontologues, g\u00e9ologues, botanistes, zoologistes et autres scientifiques l\u2019ont examin\u00e9. Chacun dans son domaine l\u2019a diss\u00e9qu\u00e9 \u00e0 la recherche de son histoire et de ses messages. <\/p>\n<\/div><div class=\"fusion-text fusion-text-12\"><p>Il \u00e9tait l\u00e0 bien avant l\u2019arriv\u00e9e d&rsquo;\u2018homo erectus\u2019, qui n\u2019eut lieu qu\u2019\u00e0 la fin du pal\u00e9olithique, et perdurera sans doute bien apr\u00e8s sa disparition malgr\u00e9 l\u2019acharnement de ce dernier \u00e0 en extraire la mati\u00e8re et \u00e0 le transformer en zone urbaine.<\/p>\n<\/div><div class=\"fusion-text fusion-text-13\"><\/div><\/div><\/div><div class=\"fusion-layout-column fusion_builder_column fusion-builder-column-9 fusion_builder_column_1_2 1_2 fusion-flex-column\" style=\"--awb-bg-size:cover;--awb-width-large:50%;--awb-margin-top-large:10px;--awb-spacing-right-large:3.84%;--awb-margin-bottom-large:0px;--awb-spacing-left-large:3.84%;--awb-width-medium:100%;--awb-order-medium:0;--awb-spacing-right-medium:1.92%;--awb-spacing-left-medium:1.92%;--awb-width-small:100%;--awb-order-small:0;--awb-spacing-right-small:1.92%;--awb-spacing-left-small:1.92%;\"><div class=\"fusion-column-wrapper fusion-column-has-shadow fusion-flex-justify-content-flex-start fusion-content-layout-column\"><div class=\"fusion-image-element\" style=\"text-align:center;--awb-caption-title-font-family:var(--h2_typography-font-family);--awb-caption-title-font-weight:var(--h2_typography-font-weight);--awb-caption-title-font-style:var(--h2_typography-font-style);--awb-caption-title-size:var(--h2_typography-font-size);--awb-caption-title-transform:var(--h2_typography-text-transform);--awb-caption-title-line-height:var(--h2_typography-line-height);--awb-caption-title-letter-spacing:var(--h2_typography-letter-spacing);\"><span class=\" fusion-imageframe imageframe-none imageframe-4 hover-type-none\"><img decoding=\"async\" width=\"778\" height=\"496\" title=\"chamois\" src=\"data:image\/svg+xml,%3Csvg%20xmlns%3D%27http%3A%2F%2Fwww.w3.org%2F2000%2Fsvg%27%20width%3D%27778%27%20height%3D%27496%27%20viewBox%3D%270%200%20778%20496%27%3E%3Crect%20width%3D%27778%27%20height%3D%27496%27%20fill-opacity%3D%220%22%2F%3E%3C%2Fsvg%3E\" data-orig-src=\"https:\/\/www.nature-en-liberte.ch\/wp-content\/uploads\/2021\/08\/chamois.jpg\" alt class=\"lazyload img-responsive wp-image-1762\"\/><\/span><\/div><\/div><\/div><\/div><\/div><div class=\"fusion-fullwidth fullwidth-box fusion-builder-row-6 fusion-flex-container nonhundred-percent-fullwidth non-hundred-percent-height-scrolling\" style=\"--awb-border-radius-top-left:0px;--awb-border-radius-top-right:0px;--awb-border-radius-bottom-right:0px;--awb-border-radius-bottom-left:0px;--awb-margin-top:30px;--awb-flex-wrap:wrap;\" ><div class=\"fusion-builder-row fusion-row fusion-flex-align-items-flex-start fusion-flex-content-wrap\" style=\"max-width:2236px;margin-left: calc(-4% \/ 2 );margin-right: calc(-4% \/ 2 );\"><div class=\"fusion-layout-column fusion_builder_column fusion-builder-column-10 fusion_builder_column_1_2 1_2 fusion-flex-column fusion-flex-align-self-flex-start\" style=\"--awb-padding-left:60px;--awb-bg-size:cover;--awb-width-large:50%;--awb-margin-top-large:0px;--awb-spacing-right-large:3.84%;--awb-spacing-left-large:3.84%;--awb-width-medium:100%;--awb-order-medium:0;--awb-spacing-right-medium:1.92%;--awb-spacing-left-medium:1.92%;--awb-width-small:100%;--awb-order-small:0;--awb-spacing-right-small:1.92%;--awb-spacing-left-small:1.92%;\"><div class=\"fusion-column-wrapper fusion-column-has-shadow fusion-flex-justify-content-flex-start fusion-content-layout-block\"><div class=\"fusion-text fusion-text-14\"><p style=\"text-align: justify;\">Aujourd\u2019hui encore ses plateaux ensoleill\u00e9s, ses falaises pentes abruptes coup\u00e9es de, ses for\u00eats, ses gouffres et ses ravines humides ont de merveilleux tr\u00e9sors \u00e0 nous offrir; des messages de beaut\u00e9, d\u2019harmonie et d\u2019humilit\u00e9 que nous rencontrerons \u00e0 chaque balade, si nous savons regarder !<\/p>\n<\/div><div class=\"fusion-text fusion-text-15\"><p style=\"text-align: justify;\">Tr\u00e8s t\u00f4t au printemps, quand la neige dispara\u00eet et que certaines mares sont encore gel\u00e9es, n\u2019avez-vous jamais, \u00e0 plat ventre sur le sol, l\u2019\u0153il fix\u00e9 sur la nappe aquatique, assist\u00e9 au ballet nuptial des crapauds? Leurs coassements emplissent l\u2019air, l\u2019eau bouillonne et bourdonne de leur agitation. <span style=\"color: var(--body_typography-color); font-family: var(--body_typography-font-family); font-size: var(--body_typography-font-size); font-style: var(--body_typography-font-style,normal); font-weight: var(--body_typography-font-weight); letter-spacing: var(--body_typography-letter-spacing);\">Depuis quelques jours, cinq, dix, cinquante, batraciens et plus arrivent dans l\u2019eau glac\u00e9e. Accroch\u00e9s sur le dos des femelles, en grappes, en tas, les m\u00e2les d\u00e9posent leur laitance sur les cha\u00eenes d\u2019\u0153uf qu\u2019elles pondent.<\/span><\/p>\n<\/div><div class=\"fusion-text fusion-text-16\" style=\"--awb-content-alignment:justify;\"><p style=\"text-align: justify;\"><span style=\"color: var(--body_typography-color); font-family: var(--body_typography-font-family); font-size: var(--body_typography-font-size); font-style: var(--body_typography-font-style,normal); font-weight: var(--body_typography-font-weight); letter-spacing: var(--body_typography-letter-spacing);\">Parmi le grouillement sombre des crapauds communs, le ventre jaune orang\u00e9 d\u2019un crapaud sonneur rappelle le contraste \u00e9clatant des caltha des marais sur l\u2019eau noire des tourbi\u00e8res. Plus tard, les tritons alpestres, fines silhouettes aquatiques au bleu raffin\u00e9 et \u00e0 l\u2019orange flamboyant, prendront la place des crapauds. Comme eux, ils s\u2019accoupleront dans l\u2019eau glac\u00e9e, y d\u00e9poseront leur semence, puis se disperseront dans les prairies et les bosquets environnants.<\/span><\/p>\n<\/div><\/div><\/div><div class=\"fusion-layout-column fusion_builder_column fusion-builder-column-11 fusion_builder_column_1_2 1_2 fusion-flex-column fusion-flex-align-self-flex-start\" style=\"--awb-bg-size:cover;--awb-width-large:50%;--awb-margin-top-large:50px;--awb-spacing-right-large:3.84%;--awb-spacing-left-large:3.84%;--awb-width-medium:100%;--awb-order-medium:0;--awb-spacing-right-medium:1.92%;--awb-spacing-left-medium:1.92%;--awb-width-small:100%;--awb-order-small:0;--awb-spacing-right-small:1.92%;--awb-spacing-left-small:1.92%;\"><div class=\"fusion-column-wrapper fusion-column-has-shadow fusion-flex-justify-content-flex-start fusion-content-layout-block\"><div class=\"fusion-image-element fusion-image-align-center in-legacy-container\" style=\"text-align:center;--awb-caption-title-font-family:var(--h2_typography-font-family);--awb-caption-title-font-weight:var(--h2_typography-font-weight);--awb-caption-title-font-style:var(--h2_typography-font-style);--awb-caption-title-size:var(--h2_typography-font-size);--awb-caption-title-transform:var(--h2_typography-text-transform);--awb-caption-title-line-height:var(--h2_typography-line-height);--awb-caption-title-letter-spacing:var(--h2_typography-letter-spacing);\"><div class=\"imageframe-align-center\"><span class=\" fusion-imageframe imageframe-none imageframe-5 hover-type-none\"><img decoding=\"async\" width=\"778\" height=\"533\" title=\"rougegorgez\" src=\"https:\/\/www.nature-en-liberte.ch\/wp-content\/uploads\/2021\/08\/rougegorgez.jpg\" data-orig-src=\"https:\/\/www.nature-en-liberte.ch\/wp-content\/uploads\/2021\/08\/rougegorgez.jpg\" alt class=\"lazyload img-responsive wp-image-1763\" srcset=\"data:image\/svg+xml,%3Csvg%20xmlns%3D%27http%3A%2F%2Fwww.w3.org%2F2000%2Fsvg%27%20width%3D%27778%27%20height%3D%27533%27%20viewBox%3D%270%200%20778%20533%27%3E%3Crect%20width%3D%27778%27%20height%3D%27533%27%20fill-opacity%3D%220%22%2F%3E%3C%2Fsvg%3E\" data-srcset=\"https:\/\/www.nature-en-liberte.ch\/wp-content\/uploads\/2021\/08\/rougegorgez-200x137.jpg 200w, https:\/\/www.nature-en-liberte.ch\/wp-content\/uploads\/2021\/08\/rougegorgez-400x274.jpg 400w, https:\/\/www.nature-en-liberte.ch\/wp-content\/uploads\/2021\/08\/rougegorgez-600x411.jpg 600w, https:\/\/www.nature-en-liberte.ch\/wp-content\/uploads\/2021\/08\/rougegorgez.jpg 778w\" data-sizes=\"auto\" data-orig-sizes=\"(max-width: 900px) 100vw, (max-width: 640px) 100vw, 778px\" \/><\/span><\/div><\/div><\/div><\/div><\/div><\/div><div class=\"fusion-fullwidth fullwidth-box fusion-builder-row-7 fusion-flex-container nonhundred-percent-fullwidth non-hundred-percent-height-scrolling\" style=\"--awb-border-radius-top-left:0px;--awb-border-radius-top-right:0px;--awb-border-radius-bottom-right:0px;--awb-border-radius-bottom-left:0px;--awb-flex-wrap:wrap;\" ><div class=\"fusion-builder-row fusion-row fusion-flex-align-items-flex-start fusion-flex-content-wrap\" style=\"max-width:2236px;margin-left: calc(-4% \/ 2 );margin-right: calc(-4% \/ 2 );\"><div class=\"fusion-layout-column fusion_builder_column fusion-builder-column-12 fusion_builder_column_1_2 1_2 fusion-flex-column\" style=\"--awb-padding-left:46px;--awb-bg-size:cover;--awb-width-large:50%;--awb-margin-top-large:0px;--awb-spacing-right-large:3.84%;--awb-spacing-left-large:3.84%;--awb-width-medium:100%;--awb-order-medium:0;--awb-spacing-right-medium:1.92%;--awb-spacing-left-medium:1.92%;--awb-width-small:100%;--awb-order-small:0;--awb-spacing-right-small:1.92%;--awb-spacing-left-small:1.92%;\"><div class=\"fusion-column-wrapper fusion-column-has-shadow fusion-flex-justify-content-flex-start fusion-content-layout-column\"><div class=\"fusion-text fusion-text-17\"><p style=\"text-align: justify;\">Pendant ce temps les sous-bois se sont par\u00e9s de milles fleurs. Scilles bleus, pervenches mauves, perces neige immacul\u00e9s aux pointes des p\u00e9tales couleur de soleil, primev\u00e8res, gentianes, crocus et champignons\u2026 tous renaissent \u00e0 la vie !<\/p>\n<\/div><div class=\"fusion-text fusion-text-18\"><p style=\"text-align: justify;\">Le muguet rempli les enrochements de la h\u00eatraie. Le voile de la feuill\u00e9e naissante prot\u00e8ge la for\u00eat des ardeurs du soleil revenu. Tout pr\u00e8s, \u00e9puis\u00e9s par la migration, une premi\u00e8re vague de merles \u00e0 plastron reprend son souffle. En lisi\u00e8re de prairie des chevreuils broutent les nouveaux bourgeons.<\/p>\n<\/div><div class=\"fusion-text fusion-text-19\" style=\"--awb-margin-top:0px;\"><p style=\"text-align: justify;\">\n<p style=\"text-align: justify; font-size: 22px;\" data-fusion-font=\"true\">Sur les pentes escarp\u00e9es o\u00f9 vires, falaises et bosquets s\u2019entrecroisent, les chamois, qui reviennent du fond de la grande gorge o\u00f9 ils ont pass\u00e9 l\u2019hiver, se r\u00e9galent de pousses fra\u00eeches. Timides en ce d\u00e9but de printemps, ils s\u2019habitueront vite \u00e0 la pr\u00e9sence humaine et avec de la chance vous pourrez les observer d\u2019assez pr\u00e8s. <\/p>\n<\/div><div class=\"fusion-text fusion-text-20\"><p style=\"text-align: justify;\">Sublim\u00e9 par les piqu\u00e9es vertigineuses du faucon p\u00e8lerin, le passage d\u2019un renard ou les parades nuptiale des passereaux, le spectacle de leur vie est un plaisir sans cesse renouvel\u00e9. Le mois de mai ram\u00e8ne les martinets dont le vol syncop\u00e9 et les cris per\u00e7ants animent le ciel o\u00f9 ils dessinent des dentelles invisibles.<\/p>\n<\/div><\/div><\/div><div class=\"fusion-layout-column fusion_builder_column fusion-builder-column-13 fusion_builder_column_1_2 1_2 fusion-flex-column fusion-flex-align-self-flex-start\" style=\"--awb-bg-size:cover;--awb-width-large:50%;--awb-margin-top-large:35px;--awb-spacing-right-large:3.84%;--awb-spacing-left-large:3.84%;--awb-width-medium:100%;--awb-order-medium:0;--awb-spacing-right-medium:1.92%;--awb-spacing-left-medium:1.92%;--awb-width-small:100%;--awb-order-small:0;--awb-spacing-right-small:1.92%;--awb-spacing-left-small:1.92%;\"><div class=\"fusion-column-wrapper fusion-column-has-shadow fusion-flex-justify-content-flex-start fusion-content-layout-column\"><div class=\"fusion-image-element\" style=\"text-align:center;--awb-caption-title-font-family:var(--h2_typography-font-family);--awb-caption-title-font-weight:var(--h2_typography-font-weight);--awb-caption-title-font-style:var(--h2_typography-font-style);--awb-caption-title-size:var(--h2_typography-font-size);--awb-caption-title-transform:var(--h2_typography-text-transform);--awb-caption-title-line-height:var(--h2_typography-line-height);--awb-caption-title-letter-spacing:var(--h2_typography-letter-spacing);\"><span class=\" fusion-imageframe imageframe-none imageframe-6 hover-type-none\"><img decoding=\"async\" width=\"778\" height=\"505\" title=\"renard\" src=\"https:\/\/www.nature-en-liberte.ch\/wp-content\/uploads\/2021\/08\/renard.jpg\" data-orig-src=\"https:\/\/www.nature-en-liberte.ch\/wp-content\/uploads\/2021\/08\/renard.jpg\" alt class=\"lazyload img-responsive wp-image-1765\" srcset=\"data:image\/svg+xml,%3Csvg%20xmlns%3D%27http%3A%2F%2Fwww.w3.org%2F2000%2Fsvg%27%20width%3D%27778%27%20height%3D%27505%27%20viewBox%3D%270%200%20778%20505%27%3E%3Crect%20width%3D%27778%27%20height%3D%27505%27%20fill-opacity%3D%220%22%2F%3E%3C%2Fsvg%3E\" data-srcset=\"https:\/\/www.nature-en-liberte.ch\/wp-content\/uploads\/2021\/08\/renard-200x130.jpg 200w, https:\/\/www.nature-en-liberte.ch\/wp-content\/uploads\/2021\/08\/renard-400x260.jpg 400w, https:\/\/www.nature-en-liberte.ch\/wp-content\/uploads\/2021\/08\/renard-600x389.jpg 600w, https:\/\/www.nature-en-liberte.ch\/wp-content\/uploads\/2021\/08\/renard.jpg 778w\" data-sizes=\"auto\" data-orig-sizes=\"(max-width: 900px) 100vw, (max-width: 640px) 100vw, 778px\" \/><\/span><\/div><\/div><\/div><\/div><\/div><div class=\"fusion-fullwidth fullwidth-box fusion-builder-row-8 fusion-flex-container nonhundred-percent-fullwidth non-hundred-percent-height-scrolling\" style=\"--awb-border-radius-top-left:0px;--awb-border-radius-top-right:0px;--awb-border-radius-bottom-right:0px;--awb-border-radius-bottom-left:0px;--awb-flex-wrap:wrap;\" ><div class=\"fusion-builder-row fusion-row fusion-flex-align-items-flex-start fusion-flex-content-wrap\" style=\"max-width:2236px;margin-left: calc(-4% \/ 2 );margin-right: calc(-4% \/ 2 );\"><div class=\"fusion-layout-column fusion_builder_column fusion-builder-column-14 fusion_builder_column_1_2 1_2 fusion-flex-column fusion-flex-align-self-flex-start\" style=\"--awb-padding-left:46px;--awb-bg-size:cover;--awb-width-large:50%;--awb-margin-top-large:50px;--awb-spacing-right-large:3.84%;--awb-spacing-left-large:3.84%;--awb-width-medium:100%;--awb-order-medium:0;--awb-spacing-right-medium:1.92%;--awb-spacing-left-medium:1.92%;--awb-width-small:100%;--awb-order-small:0;--awb-spacing-right-small:1.92%;--awb-spacing-left-small:1.92%;\"><div class=\"fusion-column-wrapper fusion-column-has-shadow fusion-flex-justify-content-flex-start fusion-content-layout-column\"><div class=\"fusion-text fusion-text-21\"><p style=\"text-align: justify;\">Les renardeaux et les jeunes blaireaux gambadent autour de leurs tani\u00e8res. Les femelles chamois mettent bas dans les pentes rocheuses. Les \u2018couac\u2019 graves et secs du grand corbeau signalent son retour dans ces lieux longtemps abandonn\u00e9s. Les \u2018hennissements\u2019 du milan noir au\u2013dessus de la for\u00eat et les trilles des pin\u00e7ons r\u00e9jouissent l\u2019oreille. Fauvettes, m\u00e9sanges, bruants, alouettes, migrateurs ou non, tous se joignent au grand hymne \u00e0 la vie.<\/p>\n<\/div><div class=\"fusion-text fusion-text-22\"><p style=\"text-align: justify;\"><span style=\"color: var(--body_typography-color); font-family: var(--body_typography-font-family); font-size: var(--body_typography-font-size); font-style: var(--body_typography-font-style,normal); font-weight: var(--body_typography-font-weight); letter-spacing: var(--body_typography-letter-spacing);\">Partout, elle explose inexorablement ! Les sportifs se joignent \u00e0 l\u2019excitation g\u00e9n\u00e9rale. Par beau temps, ils escaladent les faces rocheuses, descendent dans les gouffres, suivent les chemins de ch\u00e8vre ou marchent le long des sentiers ombrag\u00e9s. <\/span><\/p>\n<p style=\"text-align: justify;\"><span style=\"color: var(--body_typography-color); font-family: var(--body_typography-font-family); font-size: var(--body_typography-font-size); font-style: var(--body_typography-font-style,normal); font-weight: var(--body_typography-font-weight); letter-spacing: var(--body_typography-letter-spacing);\">Imitant les oiseaux, ils survolent aussi la campagne avec leurs ailes deltas et parapentes color\u00e9s. Lourd et \u00e9touffant, l\u2019\u00e9t\u00e9 arrive. Tout se calme. Seuls les hommes s\u2019agitent encore pointillant le ciel de leurs grandes voiles aux teintes vives. <\/span><span style=\"color: var(--body_typography-color); font-family: var(--body_typography-font-family); font-size: var(--body_typography-font-size); font-style: var(--body_typography-font-style,normal); font-weight: var(--body_typography-font-weight); letter-spacing: var(--body_typography-letter-spacing);\">L\u2019automne ravive les couleurs. Brun, jaune, rouge, la for\u00eat change de parure. Les \u00e9cureuils et autres rongeurs engrangent des r\u00e9serves pour pallier aux rigueurs de l\u2019hiver.<\/span><\/p>\n<\/div><\/div><\/div><div class=\"fusion-layout-column fusion_builder_column fusion-builder-column-15 fusion_builder_column_1_2 1_2 fusion-flex-column fusion-flex-align-self-flex-end\" style=\"--awb-bg-size:cover;--awb-width-large:50%;--awb-margin-top-large:50px;--awb-spacing-right-large:3.84%;--awb-spacing-left-large:3.84%;--awb-width-medium:100%;--awb-order-medium:0;--awb-spacing-right-medium:1.92%;--awb-spacing-left-medium:1.92%;--awb-width-small:100%;--awb-order-small:0;--awb-spacing-right-small:1.92%;--awb-spacing-left-small:1.92%;\"><div class=\"fusion-column-wrapper fusion-column-has-shadow fusion-flex-justify-content-flex-start fusion-content-layout-column\"><div class=\"fusion-image-element\" style=\"text-align:center;--awb-caption-title-font-family:var(--h2_typography-font-family);--awb-caption-title-font-weight:var(--h2_typography-font-weight);--awb-caption-title-font-style:var(--h2_typography-font-style);--awb-caption-title-size:var(--h2_typography-font-size);--awb-caption-title-transform:var(--h2_typography-text-transform);--awb-caption-title-line-height:var(--h2_typography-line-height);--awb-caption-title-letter-spacing:var(--h2_typography-letter-spacing);\"><span class=\" fusion-imageframe imageframe-none imageframe-7 hover-type-none\"><img decoding=\"async\" width=\"778\" height=\"520\" title=\"re_sa_parap\" src=\"https:\/\/www.nature-en-liberte.ch\/wp-content\/uploads\/2021\/08\/re_sa_parap.jpg\" data-orig-src=\"https:\/\/www.nature-en-liberte.ch\/wp-content\/uploads\/2021\/08\/re_sa_parap.jpg\" alt class=\"lazyload img-responsive wp-image-1767\" srcset=\"data:image\/svg+xml,%3Csvg%20xmlns%3D%27http%3A%2F%2Fwww.w3.org%2F2000%2Fsvg%27%20width%3D%27778%27%20height%3D%27520%27%20viewBox%3D%270%200%20778%20520%27%3E%3Crect%20width%3D%27778%27%20height%3D%27520%27%20fill-opacity%3D%220%22%2F%3E%3C%2Fsvg%3E\" data-srcset=\"https:\/\/www.nature-en-liberte.ch\/wp-content\/uploads\/2021\/08\/re_sa_parap-200x134.jpg 200w, https:\/\/www.nature-en-liberte.ch\/wp-content\/uploads\/2021\/08\/re_sa_parap-400x267.jpg 400w, https:\/\/www.nature-en-liberte.ch\/wp-content\/uploads\/2021\/08\/re_sa_parap-600x401.jpg 600w, https:\/\/www.nature-en-liberte.ch\/wp-content\/uploads\/2021\/08\/re_sa_parap.jpg 778w\" data-sizes=\"auto\" data-orig-sizes=\"(max-width: 900px) 100vw, (max-width: 640px) 100vw, 778px\" \/><\/span><\/div><\/div><\/div><\/div><\/div><div class=\"fusion-fullwidth fullwidth-box fusion-builder-row-9 fusion-flex-container nonhundred-percent-fullwidth non-hundred-percent-height-scrolling\" style=\"--awb-border-radius-top-left:0px;--awb-border-radius-top-right:0px;--awb-border-radius-bottom-right:0px;--awb-border-radius-bottom-left:0px;--awb-flex-wrap:wrap;\" ><div class=\"fusion-builder-row fusion-row fusion-flex-align-items-flex-start fusion-flex-content-wrap\" style=\"max-width:2236px;margin-left: calc(-4% \/ 2 );margin-right: calc(-4% \/ 2 );\"><div class=\"fusion-layout-column fusion_builder_column fusion-builder-column-16 fusion_builder_column_1_2 1_2 fusion-flex-column fusion-flex-align-self-flex-start\" style=\"--awb-padding-left:46px;--awb-bg-size:cover;--awb-width-large:50%;--awb-margin-top-large:0px;--awb-spacing-right-large:3.84%;--awb-spacing-left-large:3.84%;--awb-width-medium:100%;--awb-order-medium:0;--awb-spacing-right-medium:1.92%;--awb-spacing-left-medium:1.92%;--awb-width-small:100%;--awb-order-small:0;--awb-spacing-right-small:1.92%;--awb-spacing-left-small:1.92%;\"><div class=\"fusion-column-wrapper fusion-column-has-shadow fusion-flex-justify-content-flex-start fusion-content-layout-column\"><div class=\"fusion-text fusion-text-23\"><p style=\"text-align: justify; font-size: 24px;\" data-fusion-font=\"true\"> Il y a des champignons partout ! Ronds, avec des chapeaux plats ou pointus, rouge, blancs, mauve, ou beiges, ils sont les fleurs de l\u2019automne. Le sol est couvert d\u2019une \u00e9paisse couche de feuilles mortes. Les colchiques s\u2019effilochent. La pluie, la grisaille et le vent s\u2019installent.<\/p>\n<\/div><div class=\"fusion-text fusion-text-24\"><p style=\"text-align: justify;\">\n<p style=\"text-align: justify;\">Il y aura encore de tr\u00e8s belles journ\u00e9es avec du ciel bleu et le soleil embrasera les fruits rouges des \u00e9glantiers encore tremp\u00e9s de la derni\u00e8re averse. Chacun cherche un abri contre le froid, et les p\u00e9rils hivernaux. <\/p>\n<\/div><div class=\"fusion-text fusion-text-25\"><p style=\"text-align: justify;\"><span style=\"color: var(--body_typography-color); font-family: var(--body_typography-font-family); font-size: var(--body_typography-font-size); font-style: var(--body_typography-font-style,normal); font-weight: var(--body_typography-font-weight); letter-spacing: var(--body_typography-letter-spacing);\">Il neige, f\u00e9erie des flocons\u2026 la dame blanche s\u2019\u00e9tale \u00e0 l\u2019infini et fausse les perspectives. <\/span><span style=\"color: var(--body_typography-color); font-family: var(--body_typography-font-family); font-size: var(--body_typography-font-size); font-style: var(--body_typography-font-style,normal); font-weight: var(--body_typography-font-weight); letter-spacing: var(--body_typography-letter-spacing);\">Des cascades de glace recouvrent la roche des sentiers. Tels des stalactites, des gla\u00e7ons effil\u00e9s et de solides colonnes gel\u00e9es festonnent les parois rocheuses. <\/span><\/p>\n<p style=\"text-align: justify;\">Les petites traces rondes des pattes du renard trahissent son passage sur la neige&#8230; <span style=\"color: var(--body_typography-color); font-family: var(--body_typography-font-family); font-size: var(--body_typography-font-size); font-style: var(--body_typography-font-style,normal); font-weight: var(--body_typography-font-weight); letter-spacing: var(--body_typography-letter-spacing);\">Le bouvreuil couleur pivoine, le rouge-gorge familier ou le chamois juste entr\u2019aper\u00e7u sont des images heureuses de l\u2019hiver. <\/span><\/p>\n<\/div><div class=\"fusion-text fusion-text-26\"><p style=\"text-align: justify;\">Du ciel bleu, le soleil fait miroiter des milliers d\u2019\u00e9toiles sur la neige gel\u00e9e. <span style=\"color: var(--body_typography-color); font-family: var(--body_typography-font-family); font-size: var(--body_typography-font-size); font-style: var(--body_typography-font-style,normal); font-weight: var(--body_typography-font-weight); letter-spacing: var(--body_typography-letter-spacing);\">Ainsi, assis sur un \u00e9peron rocheux, au-dessus du brouillard recouvrant la plaine par une merveilleuse journ\u00e9e d\u2019hiver, vous contemplez le couchant r\u00eavant aux premiers \u00e2ges du Mont Sal\u00e8ve&#8230;.<\/span><\/p>\n<\/div><\/div><\/div><div class=\"fusion-layout-column fusion_builder_column fusion-builder-column-17 fusion_builder_column_1_2 1_2 fusion-flex-column fusion-flex-align-self-center\" style=\"--awb-bg-size:cover;--awb-width-large:50%;--awb-margin-top-large:35px;--awb-spacing-right-large:3.84%;--awb-spacing-left-large:3.84%;--awb-width-medium:100%;--awb-order-medium:0;--awb-spacing-right-medium:1.92%;--awb-spacing-left-medium:1.92%;--awb-width-small:100%;--awb-order-small:0;--awb-spacing-right-small:1.92%;--awb-spacing-left-small:1.92%;\"><div class=\"fusion-column-wrapper fusion-column-has-shadow fusion-flex-justify-content-flex-start fusion-content-layout-column\"><div class=\"fusion-image-element\" style=\"text-align:center;--awb-margin-bottom-medium:30px;--awb-caption-title-font-family:var(--h2_typography-font-family);--awb-caption-title-font-weight:var(--h2_typography-font-weight);--awb-caption-title-font-style:var(--h2_typography-font-style);--awb-caption-title-size:var(--h2_typography-font-size);--awb-caption-title-transform:var(--h2_typography-text-transform);--awb-caption-title-line-height:var(--h2_typography-line-height);--awb-caption-title-letter-spacing:var(--h2_typography-letter-spacing);\"><span class=\" fusion-imageframe imageframe-none imageframe-8 hover-type-none\"><img decoding=\"async\" width=\"747\" height=\"500\" title=\"re_sa_lievre\" src=\"https:\/\/www.nature-en-liberte.ch\/wp-content\/uploads\/2021\/10\/re_sa_lievre.jpg\" data-orig-src=\"https:\/\/www.nature-en-liberte.ch\/wp-content\/uploads\/2021\/10\/re_sa_lievre.jpg\" alt class=\"lazyload img-responsive wp-image-2167\" srcset=\"data:image\/svg+xml,%3Csvg%20xmlns%3D%27http%3A%2F%2Fwww.w3.org%2F2000%2Fsvg%27%20width%3D%27747%27%20height%3D%27500%27%20viewBox%3D%270%200%20747%20500%27%3E%3Crect%20width%3D%27747%27%20height%3D%27500%27%20fill-opacity%3D%220%22%2F%3E%3C%2Fsvg%3E\" data-srcset=\"https:\/\/www.nature-en-liberte.ch\/wp-content\/uploads\/2021\/10\/re_sa_lievre-200x134.jpg 200w, https:\/\/www.nature-en-liberte.ch\/wp-content\/uploads\/2021\/10\/re_sa_lievre-400x268.jpg 400w, https:\/\/www.nature-en-liberte.ch\/wp-content\/uploads\/2021\/10\/re_sa_lievre-600x402.jpg 600w, https:\/\/www.nature-en-liberte.ch\/wp-content\/uploads\/2021\/10\/re_sa_lievre.jpg 747w\" data-sizes=\"auto\" data-orig-sizes=\"(max-width: 900px) 100vw, (max-width: 640px) 100vw, 747px\" \/><\/span><\/div><\/div><\/div><\/div><\/div><div class=\"fusion-fullwidth fullwidth-box fusion-builder-row-10 fusion-flex-container nonhundred-percent-fullwidth non-hundred-percent-height-scrolling\" style=\"--awb-border-radius-top-left:0px;--awb-border-radius-top-right:0px;--awb-border-radius-bottom-right:0px;--awb-border-radius-bottom-left:0px;--awb-flex-wrap:wrap;\" ><div class=\"fusion-builder-row fusion-row fusion-flex-align-items-center fusion-flex-justify-content-center fusion-flex-content-wrap\" style=\"max-width:2236px;margin-left: calc(-4% \/ 2 );margin-right: calc(-4% \/ 2 );\"><div class=\"fusion-layout-column fusion_builder_column fusion-builder-column-18 fusion_builder_column_1_3 1_3 fusion-flex-column fusion-flex-align-self-center\" style=\"--awb-padding-left-medium:0px;--awb-bg-size:cover;--awb-width-large:33.333333333333%;--awb-margin-top-large:0px;--awb-spacing-right-large:0%;--awb-spacing-left-large:0%;--awb-width-medium:100%;--awb-order-medium:0;--awb-spacing-right-medium:0%;--awb-spacing-left-medium:0%;--awb-width-small:100%;--awb-order-small:0;--awb-spacing-right-small:1.92%;--awb-spacing-left-small:1.92%;\"><div class=\"fusion-column-wrapper fusion-column-has-shadow fusion-flex-justify-content-center fusion-content-layout-column\"><div class=\"fusion-image-element md-text-align-center\" style=\"text-align:left;--awb-margin-bottom-medium:30px;--awb-caption-title-font-family:var(--h2_typography-font-family);--awb-caption-title-font-weight:var(--h2_typography-font-weight);--awb-caption-title-font-style:var(--h2_typography-font-style);--awb-caption-title-size:var(--h2_typography-font-size);--awb-caption-title-transform:var(--h2_typography-text-transform);--awb-caption-title-line-height:var(--h2_typography-line-height);--awb-caption-title-letter-spacing:var(--h2_typography-letter-spacing);\"><span class=\" fusion-imageframe imageframe-none imageframe-9 hover-type-none\"><img decoding=\"async\" width=\"777\" height=\"556\" title=\"re_sa_neige2\" src=\"https:\/\/www.nature-en-liberte.ch\/wp-content\/uploads\/2021\/08\/re_sa_neige2.jpg\" data-orig-src=\"https:\/\/www.nature-en-liberte.ch\/wp-content\/uploads\/2021\/08\/re_sa_neige2.jpg\" alt class=\"lazyload img-responsive wp-image-1768\" srcset=\"data:image\/svg+xml,%3Csvg%20xmlns%3D%27http%3A%2F%2Fwww.w3.org%2F2000%2Fsvg%27%20width%3D%27777%27%20height%3D%27556%27%20viewBox%3D%270%200%20777%20556%27%3E%3Crect%20width%3D%27777%27%20height%3D%27556%27%20fill-opacity%3D%220%22%2F%3E%3C%2Fsvg%3E\" data-srcset=\"https:\/\/www.nature-en-liberte.ch\/wp-content\/uploads\/2021\/08\/re_sa_neige2-200x143.jpg 200w, https:\/\/www.nature-en-liberte.ch\/wp-content\/uploads\/2021\/08\/re_sa_neige2-400x286.jpg 400w, https:\/\/www.nature-en-liberte.ch\/wp-content\/uploads\/2021\/08\/re_sa_neige2-600x429.jpg 600w, https:\/\/www.nature-en-liberte.ch\/wp-content\/uploads\/2021\/08\/re_sa_neige2.jpg 777w\" data-sizes=\"auto\" data-orig-sizes=\"(max-width: 900px) 100vw, (max-width: 640px) 100vw, 777px\" \/><\/span><\/div><\/div><\/div><div class=\"fusion-layout-column fusion_builder_column fusion-builder-column-19 fusion_builder_column_3_5 3_5 fusion-flex-column\" style=\"--awb-bg-size:cover;--awb-width-large:60%;--awb-margin-top-large:5px;--awb-spacing-right-large:0%;--awb-margin-bottom-large:0px;--awb-spacing-left-large:3.2%;--awb-width-medium:100%;--awb-order-medium:0;--awb-spacing-right-medium:1.92%;--awb-spacing-left-medium:1.92%;--awb-width-small:100%;--awb-order-small:0;--awb-spacing-right-small:1.92%;--awb-spacing-left-small:1.92%;\"><div class=\"fusion-column-wrapper fusion-column-has-shadow fusion-flex-justify-content-flex-start fusion-content-layout-column\"><div class=\"fusion-image-element\" style=\"--awb-caption-title-font-family:var(--h2_typography-font-family);--awb-caption-title-font-weight:var(--h2_typography-font-weight);--awb-caption-title-font-style:var(--h2_typography-font-style);--awb-caption-title-size:var(--h2_typography-font-size);--awb-caption-title-transform:var(--h2_typography-text-transform);--awb-caption-title-line-height:var(--h2_typography-line-height);--awb-caption-title-letter-spacing:var(--h2_typography-letter-spacing);\"><span class=\" fusion-imageframe imageframe-none imageframe-10 hover-type-none\"><img decoding=\"async\" width=\"1600\" height=\"588\" title=\"re_sa_couchersol\" src=\"https:\/\/www.nature-en-liberte.ch\/wp-content\/uploads\/2021\/10\/re_sa_couchersol.jpg\" data-orig-src=\"https:\/\/www.nature-en-liberte.ch\/wp-content\/uploads\/2021\/10\/re_sa_couchersol.jpg\" alt class=\"lazyload img-responsive wp-image-2165\" srcset=\"data:image\/svg+xml,%3Csvg%20xmlns%3D%27http%3A%2F%2Fwww.w3.org%2F2000%2Fsvg%27%20width%3D%271600%27%20height%3D%27588%27%20viewBox%3D%270%200%201600%20588%27%3E%3Crect%20width%3D%271600%27%20height%3D%27588%27%20fill-opacity%3D%220%22%2F%3E%3C%2Fsvg%3E\" data-srcset=\"https:\/\/www.nature-en-liberte.ch\/wp-content\/uploads\/2021\/10\/re_sa_couchersol-200x74.jpg 200w, https:\/\/www.nature-en-liberte.ch\/wp-content\/uploads\/2021\/10\/re_sa_couchersol-400x147.jpg 400w, https:\/\/www.nature-en-liberte.ch\/wp-content\/uploads\/2021\/10\/re_sa_couchersol-600x221.jpg 600w, https:\/\/www.nature-en-liberte.ch\/wp-content\/uploads\/2021\/10\/re_sa_couchersol-800x294.jpg 800w, https:\/\/www.nature-en-liberte.ch\/wp-content\/uploads\/2021\/10\/re_sa_couchersol-1200x441.jpg 1200w, https:\/\/www.nature-en-liberte.ch\/wp-content\/uploads\/2021\/10\/re_sa_couchersol.jpg 1600w\" data-sizes=\"auto\" data-orig-sizes=\"(max-width: 900px) 100vw, (max-width: 640px) 100vw, 1600px\" \/><\/span><\/div><\/div><\/div><\/div><\/div><\/p>\n","protected":false},"excerpt":{"rendered":"","protected":false},"author":1,"featured_media":0,"parent":1677,"menu_order":5,"comment_status":"closed","ping_status":"closed","template":"","meta":{"footnotes":""},"class_list":["post-1726","page","type-page","status-publish","hentry"],"acf":[],"yoast_head":"<!-- This site is optimized with the Yoast SEO plugin v28.3 - https:\/\/yoast.com\/product\/yoast-seo-wordpress\/ -->\n<title>Voyage \u00e0 travers les mill\u00e9naires - Nature en Libert\u00e9<\/title>\n<meta name=\"robots\" content=\"index, follow, max-snippet:-1, max-image-preview:large, max-video-preview:-1\" \/>\n<link rel=\"canonical\" href=\"https:\/\/www.nature-en-liberte.ch\/index.php\/recits\/voyage-a-travers-les-millenaires\/\" \/>\n<meta property=\"og:locale\" content=\"fr_FR\" \/>\n<meta property=\"og:type\" content=\"article\" \/>\n<meta property=\"og:title\" content=\"Voyage \u00e0 travers les mill\u00e9naires - Nature en Libert\u00e9\" \/>\n<meta property=\"og:url\" content=\"https:\/\/www.nature-en-liberte.ch\/index.php\/recits\/voyage-a-travers-les-millenaires\/\" \/>\n<meta property=\"og:site_name\" content=\"Nature en Libert\u00e9\" \/>\n<meta property=\"article:modified_time\" content=\"2022-02-16T18:10:06+00:00\" \/>\n<meta name=\"twitter:card\" content=\"summary_large_image\" \/>\n<meta name=\"twitter:label1\" content=\"Dur\u00e9e de lecture estim\u00e9e\" \/>\n\t<meta name=\"twitter:data1\" content=\"39 minutes\" \/>\n<script type=\"application\/ld+json\" class=\"yoast-schema-graph\">{\"@context\":\"https:\\\/\\\/schema.org\",\"@graph\":[{\"@type\":\"WebPage\",\"@id\":\"https:\\\/\\\/www.nature-en-liberte.ch\\\/index.php\\\/recits\\\/voyage-a-travers-les-millenaires\\\/\",\"url\":\"https:\\\/\\\/www.nature-en-liberte.ch\\\/index.php\\\/recits\\\/voyage-a-travers-les-millenaires\\\/\",\"name\":\"Voyage \u00e0 travers les mill\u00e9naires - Nature en Libert\u00e9\",\"isPartOf\":{\"@id\":\"https:\\\/\\\/www.nature-en-liberte.ch\\\/#website\"},\"datePublished\":\"2021-08-04T06:22:34+00:00\",\"dateModified\":\"2022-02-16T18:10:06+00:00\",\"breadcrumb\":{\"@id\":\"https:\\\/\\\/www.nature-en-liberte.ch\\\/index.php\\\/recits\\\/voyage-a-travers-les-millenaires\\\/#breadcrumb\"},\"inLanguage\":\"fr-FR\",\"potentialAction\":[{\"@type\":\"ReadAction\",\"target\":[\"https:\\\/\\\/www.nature-en-liberte.ch\\\/index.php\\\/recits\\\/voyage-a-travers-les-millenaires\\\/\"]}]},{\"@type\":\"BreadcrumbList\",\"@id\":\"https:\\\/\\\/www.nature-en-liberte.ch\\\/index.php\\\/recits\\\/voyage-a-travers-les-millenaires\\\/#breadcrumb\",\"itemListElement\":[{\"@type\":\"ListItem\",\"position\":1,\"name\":\"Accueil\",\"item\":\"https:\\\/\\\/www.nature-en-liberte.ch\\\/\"},{\"@type\":\"ListItem\",\"position\":2,\"name\":\"RECITS\",\"item\":\"https:\\\/\\\/www.nature-en-liberte.ch\\\/index.php\\\/recits\\\/\"},{\"@type\":\"ListItem\",\"position\":3,\"name\":\"Voyage \u00e0 travers les mill\u00e9naires\"}]},{\"@type\":\"WebSite\",\"@id\":\"https:\\\/\\\/www.nature-en-liberte.ch\\\/#website\",\"url\":\"https:\\\/\\\/www.nature-en-liberte.ch\\\/\",\"name\":\"Avada Videographer\",\"description\":\"\",\"potentialAction\":[{\"@type\":\"SearchAction\",\"target\":{\"@type\":\"EntryPoint\",\"urlTemplate\":\"https:\\\/\\\/www.nature-en-liberte.ch\\\/?s={search_term_string}\"},\"query-input\":{\"@type\":\"PropertyValueSpecification\",\"valueRequired\":true,\"valueName\":\"search_term_string\"}}],\"inLanguage\":\"fr-FR\"}]}<\/script>\n<!-- \/ Yoast SEO plugin. -->","yoast_head_json":{"title":"Voyage \u00e0 travers les mill\u00e9naires - Nature en Libert\u00e9","robots":{"index":"index","follow":"follow","max-snippet":"max-snippet:-1","max-image-preview":"max-image-preview:large","max-video-preview":"max-video-preview:-1"},"canonical":"https:\/\/www.nature-en-liberte.ch\/index.php\/recits\/voyage-a-travers-les-millenaires\/","og_locale":"fr_FR","og_type":"article","og_title":"Voyage \u00e0 travers les mill\u00e9naires - Nature en Libert\u00e9","og_url":"https:\/\/www.nature-en-liberte.ch\/index.php\/recits\/voyage-a-travers-les-millenaires\/","og_site_name":"Nature en Libert\u00e9","article_modified_time":"2022-02-16T18:10:06+00:00","twitter_card":"summary_large_image","twitter_misc":{"Dur\u00e9e de lecture estim\u00e9e":"39 minutes"},"schema":{"@context":"https:\/\/schema.org","@graph":[{"@type":"WebPage","@id":"https:\/\/www.nature-en-liberte.ch\/index.php\/recits\/voyage-a-travers-les-millenaires\/","url":"https:\/\/www.nature-en-liberte.ch\/index.php\/recits\/voyage-a-travers-les-millenaires\/","name":"Voyage \u00e0 travers les mill\u00e9naires - Nature en Libert\u00e9","isPartOf":{"@id":"https:\/\/www.nature-en-liberte.ch\/#website"},"datePublished":"2021-08-04T06:22:34+00:00","dateModified":"2022-02-16T18:10:06+00:00","breadcrumb":{"@id":"https:\/\/www.nature-en-liberte.ch\/index.php\/recits\/voyage-a-travers-les-millenaires\/#breadcrumb"},"inLanguage":"fr-FR","potentialAction":[{"@type":"ReadAction","target":["https:\/\/www.nature-en-liberte.ch\/index.php\/recits\/voyage-a-travers-les-millenaires\/"]}]},{"@type":"BreadcrumbList","@id":"https:\/\/www.nature-en-liberte.ch\/index.php\/recits\/voyage-a-travers-les-millenaires\/#breadcrumb","itemListElement":[{"@type":"ListItem","position":1,"name":"Accueil","item":"https:\/\/www.nature-en-liberte.ch\/"},{"@type":"ListItem","position":2,"name":"RECITS","item":"https:\/\/www.nature-en-liberte.ch\/index.php\/recits\/"},{"@type":"ListItem","position":3,"name":"Voyage \u00e0 travers les mill\u00e9naires"}]},{"@type":"WebSite","@id":"https:\/\/www.nature-en-liberte.ch\/#website","url":"https:\/\/www.nature-en-liberte.ch\/","name":"Avada Videographer","description":"","potentialAction":[{"@type":"SearchAction","target":{"@type":"EntryPoint","urlTemplate":"https:\/\/www.nature-en-liberte.ch\/?s={search_term_string}"},"query-input":{"@type":"PropertyValueSpecification","valueRequired":true,"valueName":"search_term_string"}}],"inLanguage":"fr-FR"}]}},"_links":{"self":[{"href":"https:\/\/www.nature-en-liberte.ch\/index.php\/wp-json\/wp\/v2\/pages\/1726","targetHints":{"allow":["GET"]}}],"collection":[{"href":"https:\/\/www.nature-en-liberte.ch\/index.php\/wp-json\/wp\/v2\/pages"}],"about":[{"href":"https:\/\/www.nature-en-liberte.ch\/index.php\/wp-json\/wp\/v2\/types\/page"}],"author":[{"embeddable":true,"href":"https:\/\/www.nature-en-liberte.ch\/index.php\/wp-json\/wp\/v2\/users\/1"}],"replies":[{"embeddable":true,"href":"https:\/\/www.nature-en-liberte.ch\/index.php\/wp-json\/wp\/v2\/comments?post=1726"}],"version-history":[{"count":122,"href":"https:\/\/www.nature-en-liberte.ch\/index.php\/wp-json\/wp\/v2\/pages\/1726\/revisions"}],"predecessor-version":[{"id":3458,"href":"https:\/\/www.nature-en-liberte.ch\/index.php\/wp-json\/wp\/v2\/pages\/1726\/revisions\/3458"}],"up":[{"embeddable":true,"href":"https:\/\/www.nature-en-liberte.ch\/index.php\/wp-json\/wp\/v2\/pages\/1677"}],"wp:attachment":[{"href":"https:\/\/www.nature-en-liberte.ch\/index.php\/wp-json\/wp\/v2\/media?parent=1726"}],"curies":[{"name":"wp","href":"https:\/\/api.w.org\/{rel}","templated":true}]}}